{"id":5037,"date":"2020-12-03T12:55:26","date_gmt":"2020-12-03T11:55:26","guid":{"rendered":"http:\/\/mp21.zgora.pl\/?page_id=5037"},"modified":"2021-03-22T10:33:45","modified_gmt":"2021-03-22T09:33:45","slug":"projekt-przedszkola","status":"publish","type":"page","link":"http:\/\/mp21.zgora.pl\/index.php\/projekt-przedszkola\/","title":{"rendered":"Projekt przedszkola"},"content":{"rendered":"<p>[vc_row css=&#8221;.vc_custom_1606996908872{margin-top: 50px !important;}&#8221;][vc_column width=&#8221;1\/2&#8243;][stm_title title=&#8221;O projekcie&#8221;][\/stm_title][vc_column_text]<span style=\"font-size: 14pt;\">Nasze Przedszkole od sierpnia 2020roku do lipca 2021 realizuje projekt w ramach Regionalnego Programu operacyjnego Lubuskie 2020 w cz\u0119\u015bci wsp\u00f3\u0142finansowanej EFS. (Dzia\u0142anie 8.1. Poprawa dost\u0119pno\u015bci i jako\u015bci edukacji przedszkolnej). Tytu\u0142 projektu \u201eRazem w \u015bwiat\u201d. Ca\u0142kowita kwota projektu: 742 499,03 z\u0142, kwota dofinansowania 631 124,17.<\/span>[\/vc_column_text][\/vc_column][vc_column width=&#8221;1\/2&#8243; css=&#8221;.vc_custom_1606996901690{margin-top: 50px !important;}&#8221;][stm_slider][stm_slider_item img_id=&#8221;5387&#8243;][stm_slider_item img_id=&#8221;5388&#8243;][stm_slider_item img_id=&#8221;5389&#8243;][\/stm_slider][\/vc_column][\/vc_row][vc_row css=&#8221;.vc_custom_1606997038041{margin-bottom: 80px !important;}&#8221;][vc_column width=&#8221;1\/3&#8243;][vc_column_text]<\/p>\n<div style=\"margin-top: 10px;\">\n<p><strong>Projekt podzielony jest na 3 zadania<\/strong><\/p>\n<ol>\n<li><strong>Dostosowanie istniej\u0105cych miejsc wychowania przedszkolnego do potrzeb dzieci z niepe\u0142nosprawno\u015bciami oraz realizacja dodatkowej oferty edukacyjnej i specjalistycznej dla dzieci z niepe\u0142nosprawno\u015bciami. W ramach tego zadania realizuj\u0119 si\u0119 nast\u0119puj\u0105ce dzia\u0142ania:<\/strong><\/li>\n<\/ol>\n<ul>\n<li>dostosowanie istniej\u0105cych miejsc wychowania przedszkolnego dla dzieci z niepe\u0142nosprawno\u015bciami (dostosowanie \u0142azienki,\u00a0 rewitalizacja chodnika i placu zabaw)<\/li>\n<li>zakup wyposa\u017cenia do gabinet\u00f3w terapeutycznych<\/li>\n<li>zakup specjalistycznych pomocy edukacyjnych<\/li>\n<li>zaj\u0119cia dla dzieci z niepe\u0142nosprawno\u015bciami tj. Dogoterapia, terapia Metod\u0105 Warnkego, Hipoterapia, Alpakoterapia.<\/li>\n<\/ul>\n<\/div>\n<p>[\/vc_column_text][vc_single_image image=&#8221;5381&#8243; img_size=&#8221;720&#215;960&#8243; onclick=&#8221;link_image&#8221;][vc_single_image image=&#8221;5380&#8243; img_size=&#8221;928&#215;2016&#8243; onclick=&#8221;link_image&#8221;][vc_single_image image=&#8221;5406&#8243; img_size=&#8221;720&#215;960&#8243;][vc_single_image image=&#8221;5413&#8243; img_size=&#8221;960&#215;720&#8243; onclick=&#8221;link_image&#8221;][\/vc_column][vc_column width=&#8221;1\/3&#8243;][vc_single_image image=&#8221;5385&#8243; img_size=&#8221;542&#215;960&#8243; onclick=&#8221;link_image&#8221;][vc_column_text]<\/p>\n<ol style=\"margin-top: 40px;\" start=\"2\">\n<li><strong>Doskonalenie umiej\u0119tno\u015bci nauczycieli: kursy i szkolenia.<\/strong><\/li>\n<li><strong>Dodatkowe zaj\u0119cia dla dzieci wyr\u00f3wnuj\u0105ce szanse edukacyjne:<\/strong><\/li>\n<\/ol>\n<ul>\n<li>Terapia r\u0119ki<\/li>\n<li>Muzyczne zabawy przedszkolak\u00f3w oraz audycje muzyczne<\/li>\n<li>Ma\u0142y Olimpijczyk<\/li>\n<li>Logorytmika<\/li>\n<li>Ceramika<\/li>\n<li>Zaj\u0119cia \u201eMog\u0119 wszystko\u201d cykl zaj\u0119\u0107 Przedszkolak na deskach teatru, Przedszkolak gotuje, Przedszkolak kreuje mod\u0119, Przedszkolak podr\u00f3\u017cuje, Przedszkolak ratuje \u017cycie, Przedszkolak sowa m\u0105dra g\u0142owa, Przedszkolak my\u015bli w kratk\u0119.<\/li>\n<\/ul>\n<p>[\/vc_column_text][vc_single_image image=&#8221;5392&#8243; img_size=&#8221;720&#215;960&#8243; onclick=&#8221;link_image&#8221;][vc_single_image image=&#8221;5399&#8243; img_size=&#8221;928&#215;2016&#8243; onclick=&#8221;link_image&#8221;][vc_single_image image=&#8221;5412&#8243; img_size=&#8221;960&#215;720&#8243; onclick=&#8221;link_image&#8221;][\/vc_column][vc_column width=&#8221;1\/3&#8243;][vc_single_image image=&#8221;5391&#8243; img_size=&#8221;537&#215;960&#8243; onclick=&#8221;link_image&#8221;][vc_single_image image=&#8221;5394&#8243; img_size=&#8221;720&#215;960&#8243; onclick=&#8221;link_image&#8221;][vc_single_image image=&#8221;5393&#8243; img_size=&#8221;928&#215;2016&#8243; onclick=&#8221;link_image&#8221;][vc_single_image image=&#8221;5408&#8243; img_size=&#8221;720&#215;960&#8243; onclick=&#8221;link_image&#8221;][vc_single_image image=&#8221;5415&#8243; img_size=&#8221;960&#215;540&#8243; onclick=&#8221;link_image&#8221;][\/vc_column][\/vc_row][vc_column][\/vc_column]<\/p>\n","protected":false},"excerpt":{"rendered":"<p>[vc_row css=&#8221;.vc_custom_1606996908872{margin-top: 50px !important;}&#8221;][vc_column width=&#8221;1\/2&#8243;][stm_title title=&#8221;O projekcie&#8221;][\/stm_title][vc_column_text]Nasze Przedszkole od sierpnia 2020roku do lipca 2021 realizuje projekt w ramach Regionalnego Programu operacyjnego Lubuskie 2020 w cz\u0119\u015bci wsp\u00f3\u0142finansowanej EFS. (Dzia\u0142anie 8.1. Poprawa dost\u0119pno\u015bci i jako\u015bci edukacji przedszkolnej). Tytu\u0142 projektu \u201eRazem w \u015bwiat\u201d. Ca\u0142kowita kwota projektu: 742 499,03 z\u0142, kwota dofinansowania 631 124,17.[\/vc_column_text][\/vc_column][vc_column width=&#8221;1\/2&#8243; css=&#8221;.vc_custom_1606996901690{margin-top: 50px !important;}&#8221;][stm_slider][stm_slider_item img_id=&#8221;5387&#8243;][stm_slider_item [&hellip;]<\/p>\n","protected":false},"author":1,"featured_media":0,"parent":0,"menu_order":0,"comment_status":"closed","ping_status":"closed","template":"","meta":{"footnotes":""},"class_list":["post-5037","page","type-page","status-publish","hentry"],"_links":{"self":[{"href":"http:\/\/mp21.zgora.pl\/index.php\/wp-json\/wp\/v2\/pages\/5037","targetHints":{"allow":["GET"]}}],"collection":[{"href":"http:\/\/mp21.zgora.pl\/index.php\/wp-json\/wp\/v2\/pages"}],"about":[{"href":"http:\/\/mp21.zgora.pl\/index.php\/wp-json\/wp\/v2\/types\/page"}],"author":[{"embeddable":true,"href":"http:\/\/mp21.zgora.pl\/index.php\/wp-json\/wp\/v2\/users\/1"}],"replies":[{"embeddable":true,"href":"http:\/\/mp21.zgora.pl\/index.php\/wp-json\/wp\/v2\/comments?post=5037"}],"version-history":[{"count":18,"href":"http:\/\/mp21.zgora.pl\/index.php\/wp-json\/wp\/v2\/pages\/5037\/revisions"}],"predecessor-version":[{"id":6045,"href":"http:\/\/mp21.zgora.pl\/index.php\/wp-json\/wp\/v2\/pages\/5037\/revisions\/6045"}],"wp:attachment":[{"href":"http:\/\/mp21.zgora.pl\/index.php\/wp-json\/wp\/v2\/media?parent=5037"}],"curies":[{"name":"wp","href":"https:\/\/api.w.org\/{rel}","templated":true}]}}